{"id":1153,"date":"2022-05-24T10:29:57","date_gmt":"2022-05-24T08:29:57","guid":{"rendered":"https:\/\/konkurs-instytut-biologii.sarp.warszawa.pl\/?page_id=1153"},"modified":"2025-05-10T12:33:45","modified_gmt":"2025-05-10T10:33:45","slug":"sad-konkursowy","status":"publish","type":"page","link":"http:\/\/konkurs-uw-kampus.sarp.warszawa.pl\/?page_id=1153","title":{"rendered":"S\u0105d Konkursowy"},"content":{"rendered":"\n<div style=\"height:5px\" aria-hidden=\"true\" class=\"wp-block-spacer\"><\/div>\n\n\n\n<hr class=\"wp-block-separator has-alpha-channel-opacity\"\/>\n\n\n\n<div style=\"height:40px\" aria-hidden=\"true\" class=\"wp-block-spacer\"><\/div>\n\n\n\n<p><span style=\"text-decoration: underline;\">S\u0105d Konkursowy sk\u0142ada si\u0119 z 11 os\u00f3b.<\/span><\/p>\n\n\n\n<p>W sk\u0142ad S\u0105du Konkursowego wchodz\u0105:<\/p>\n\n\n\n<p>1. Przewodnicz\u0105cy:<strong><br><strong><strong>prof. dr hab. arch. Boles\u0142aw Stelmach<\/strong><\/strong><\/strong><br>S\u0119dzia Konkursowy Stowarzyszenia Architekt\u00f3w Polskich (SARP) Oddzia\u0142 Warszawski<\/p>\n\n\n\n<p>2. S\u0119dzia referent:<strong><br><strong><strong>arch. Micha\u0142 Tatjewski<\/strong><\/strong><\/strong><br>S\u0119dzia Konkursowy Stowarzyszenia Architekt\u00f3w Polskich (SARP) Oddzia\u0142 Warszawski<\/p>\n\n\n\n<p>Cz\u0142onkowie:<\/p>\n\n\n\n<p>3. <strong><strong><strong><strong>Robert Grey<\/strong><\/strong><\/strong><\/strong><br>S\u0119dzia ze strony Organizatora (Kanclerz UW)<\/p>\n\n\n\n<p>4. <strong><strong><strong><strong><strong>arch. Andrzej Alinkiewicz<\/strong><\/strong><\/strong><\/strong><\/strong><br>S\u0119dzia ze strony Organizatora (Zast\u0119pca Kanclerza ds. Nieruchomo\u015bci)<\/p>\n\n\n\n<p>5. <strong><strong><strong><strong><strong><strong>dr hab. Marek Czapelski<\/strong><\/strong><\/strong><\/strong><\/strong><\/strong><br>S\u0119dzia ze strony Organizatora (Wydzia\u0142 Nauk o Kulturze i Sztuce)<\/p>\n\n\n\n<p>6. <strong><strong><strong><strong><strong><strong>Renata Gierak<\/strong><\/strong><\/strong><\/strong><\/strong><\/strong><br>S\u0119dzia ze strony Organizatora (Kierownik Biura Gospodarczo-logistycznego)<\/p>\n\n\n\n<p>7. <strong><strong><strong><strong><strong>dr Ewa Go\u0142\u0119biowska<\/strong><\/strong><\/strong><\/strong><\/strong><br>S\u0119dzia ze strony Organizatora<\/p>\n\n\n\n<p>8. <strong><strong><strong><strong><strong><strong>dr Miros\u0142aw Grochowski<\/strong><\/strong><\/strong><\/strong><\/strong><\/strong><br>S\u0119dzia ze strony Organizatora (Wydzia\u0142 Geografii i Studi\u00f3w Regionalnych)<\/p>\n\n\n\n<p>9. <strong><strong><strong><strong><strong><strong>dr hab. Hubert Kowalski<\/strong><\/strong><\/strong><\/strong><\/strong><\/strong><br>S\u0119dzia ze strony Organizatora (Muzeum Uniwersytetu Warszawskiego)<\/p>\n\n\n\n<p>10. <strong><strong><strong><strong><strong><strong><strong>arch. Wojciech M\u0142ynarczyk<\/strong><\/strong><\/strong><\/strong><\/strong><\/strong><\/strong><br>S\u0119dzia ze strony Organizatora (Biuro Innowacji w Przestrzeni Akademickiej)<\/p>\n\n\n\n<p>11. <strong><strong><strong><strong><strong><strong><strong>prof. El\u017cbieta Wichrowska<\/strong><\/strong><\/strong><\/strong><\/strong><\/strong><\/strong><br>S\u0119dzia ze strony Organizatora <\/p>\n\n\n\n<div style=\"height:15px\" aria-hidden=\"true\" class=\"wp-block-spacer\"><\/div>\n\n\n\n<p><span style=\"text-decoration: underline;\">Organizator powo\u0142a\u0142 Zesp\u00f3\u0142 S\u0119dziego referenta w sk\u0142adzie:<\/span><\/p>\n\n\n\n<p><strong><strong>arch. Zuzanna Bujacz-Jaworska<\/strong><\/strong><br>S\u0119dzia Konkursowy Stowarzyszenia Architekt\u00f3w Polskich (SARP) Oddzia\u0142 Warszawski<\/p>\n\n\n\n<p>Cz\u0142onkowie Zespo\u0142u S\u0119dziego referenta nie s\u0105 cz\u0142onkami S\u0105du konkursowego<\/p>\n\n\n\n<div style=\"height:15px\" aria-hidden=\"true\" class=\"wp-block-spacer\"><\/div>\n\n\n\n<p><span style=\"text-decoration: underline;\">Funkcj\u0119 Sekretarza Konkursu pe\u0142ni:<\/span><br><strong>arch. kraj. Rafa\u0142 Mroczkowski<\/strong><br>S\u0119dzia Konkursowy Stowarzyszenia Architekt\u00f3w Polskich (SARP) Oddzia\u0142 Warszawski<\/p>\n\n\n\n<p>Sekretarz Konkursu nie jest cz\u0142onkiem S\u0105du Konkursowego<\/p>\n","protected":false},"excerpt":{"rendered":"<p>S\u0105d Konkursowy sk\u0142ada si\u0119 z 11 os\u00f3b. W sk\u0142ad S\u0105du Konkursowego wchodz\u0105: 1. Przewodnicz\u0105cy:prof. dr hab. arch. Boles\u0142aw StelmachS\u0119dzia Konkursowy Stowarzyszenia Architekt\u00f3w Polskich (SARP) Oddzia\u0142 Warszawski 2. S\u0119dzia referent:arch. Micha\u0142 TatjewskiS\u0119dzia Konkursowy Stowarzyszenia Architekt\u00f3w Polskich (SARP) Oddzia\u0142 Warszawski Cz\u0142onkowie: 3.<span class=\"ellipsis\">&hellip;<\/span><\/p>\n<div class=\"read-more\"><a href=\"http:\/\/konkurs-uw-kampus.sarp.warszawa.pl\/?page_id=1153\">Czytaj wi\u0119cej <span class=\"screen-reader-text\">S\u0105d Konkursowy<\/span><span class=\"meta-nav\"> &#8250;<\/span><\/a><\/div>\n<p><!-- end of .read-more --><\/p>\n","protected":false},"author":1,"featured_media":0,"parent":0,"menu_order":0,"comment_status":"closed","ping_status":"closed","template":"","meta":{"footnotes":""},"class_list":["post-1153","page","type-page","status-publish","hentry"],"_links":{"self":[{"href":"http:\/\/konkurs-uw-kampus.sarp.warszawa.pl\/index.php?rest_route=\/wp\/v2\/pages\/1153","targetHints":{"allow":["GET"]}}],"collection":[{"href":"http:\/\/konkurs-uw-kampus.sarp.warszawa.pl\/index.php?rest_route=\/wp\/v2\/pages"}],"about":[{"href":"http:\/\/konkurs-uw-kampus.sarp.warszawa.pl\/index.php?rest_route=\/wp\/v2\/types\/page"}],"author":[{"embeddable":true,"href":"http:\/\/konkurs-uw-kampus.sarp.warszawa.pl\/index.php?rest_route=\/wp\/v2\/users\/1"}],"replies":[{"embeddable":true,"href":"http:\/\/konkurs-uw-kampus.sarp.warszawa.pl\/index.php?rest_route=%2Fwp%2Fv2%2Fcomments&post=1153"}],"version-history":[{"count":3,"href":"http:\/\/konkurs-uw-kampus.sarp.warszawa.pl\/index.php?rest_route=\/wp\/v2\/pages\/1153\/revisions"}],"predecessor-version":[{"id":2045,"href":"http:\/\/konkurs-uw-kampus.sarp.warszawa.pl\/index.php?rest_route=\/wp\/v2\/pages\/1153\/revisions\/2045"}],"wp:attachment":[{"href":"http:\/\/konkurs-uw-kampus.sarp.warszawa.pl\/index.php?rest_route=%2Fwp%2Fv2%2Fmedia&parent=1153"}],"curies":[{"name":"wp","href":"https:\/\/api.w.org\/{rel}","templated":true}]}}